{"id":1826,"date":"2025-10-27T22:10:47","date_gmt":"2025-10-27T21:10:47","guid":{"rendered":"https:\/\/sapere.pl\/?page_id=1826"},"modified":"2026-04-15T15:24:24","modified_gmt":"2026-04-15T13:24:24","slug":"polityka-prywatnosci","status":"publish","type":"page","link":"https:\/\/sapere.pl\/en\/polityka-prywatnosci\/","title":{"rendered":"Polityka prywatno\u015bci"},"content":{"rendered":"<div data-elementor-type=\"wp-page\" data-elementor-id=\"1826\" class=\"elementor elementor-1826\" data-elementor-post-type=\"page\">\n\t\t\t\t<div class=\"elementor-element elementor-element-4afca2a e-flex e-con-boxed e-con e-parent\" data-id=\"4afca2a\" data-element_type=\"container\">\n\t\t\t\t\t<div class=\"e-con-inner\">\n\t\t\t\t<div class=\"elementor-element elementor-element-fe8bef3 elementor-widget elementor-widget-text-editor\" data-id=\"fe8bef3\" data-element_type=\"widget\" data-widget_type=\"text-editor.default\">\n\t\t\t\t<div class=\"elementor-widget-container\">\n\t\t\t\t\t\t\t\t\t<p class=\"MsoNormal\" align=\"center\" style=\"margin-bottom:6.0pt;text-align:center;line-height:115%\"><b>Polityka Prywatno\u015bci SAPERE Sp. z o.o.<\/b><o:p><\/o:p><\/p><p class=\"MsoNormal\" style=\"margin-bottom:6.0pt;line-height:115%\"><o:p>&nbsp;<\/o:p><\/p><p class=\"MsoNormal\" style=\"margin-bottom:6.0pt;line-height:115%\"><b>1.\nPostanowienia og\u00f3lne<\/b><o:p><\/o:p><\/p><p class=\"MsoNormal\" style=\"margin-bottom:6.0pt;line-height:115%\">1.1. Niniejsza\nPolityka Prywatno\u015bci okre\u015bla zasady przetwarzania danych osobowych przez SAPERE\nsp. z o.o. z siedzib\u0105 w Radzanowie (dalej jako: \u201e<b>Polityka Prywatno\u015bci<\/b>\u201d).<o:p><\/o:p><\/p><p class=\"MsoNormal\" style=\"margin-bottom:6.0pt;line-height:115%\">Wpis do\nrejestru przedsi\u0119biorc\u00f3w: S\u0105d Rejonowy dla \u0141odzi-\u015ar\u00f3dmie\u015bcia w \u0141odzi, XX\nWydzia\u0142 Gospodarczy Krajowego Rejestru S\u0105dowego, KRS: 0000663844, NIP:\n5691880583, wysoko\u015b\u0107 kapita\u0142u zak\u0142adowego: 39 375 000,00 PLN (dalej jako: \u201e<b>Sp\u00f3\u0142ka<\/b>\u201d).<o:p><\/o:p><\/p><p class=\"MsoNormal\" style=\"margin-bottom:6.0pt;line-height:115%\">1.2. Kontakt z nami\nw sprawach dotycz\u0105cych ochrony danych osobowych jest mo\u017cliwy pod adresem\ne-mail: <a href=\"mailto:kontakt@sapere.pl\">kontakt@sapere.pl<\/a> lub pisemnie\nna adres siedziby Sp\u00f3\u0142ki.<o:p><\/o:p><\/p><p class=\"MsoNormal\" style=\"margin-bottom:6.0pt;line-height:115%\">1.3. Sp\u00f3\u0142ka nie\nwyznaczy\u0142a Inspektora Danych Osobowych.<o:p><\/o:p><\/p><p class=\"MsoNormal\" style=\"margin-bottom:6.0pt;line-height:115%\"><o:p>&nbsp;<\/o:p><\/p><p class=\"MsoNormal\" style=\"margin-bottom:6.0pt;line-height:115%\"><b>2. Zakres\nzbieranych danych osobowych<\/b><o:p><\/o:p><\/p><p class=\"MsoNormal\" style=\"margin-bottom:6.0pt;line-height:115%\">2.1. Sp\u00f3\u0142ka\nprzetwarza dane osobowe w celu realizacji swoich dzia\u0142a\u0144 statutowych, obs\u0142ugi\nklient\u00f3w, kontaktu biznesowego, realizacji zam\u00f3wie\u0144 oraz spe\u0142niania obowi\u0105zk\u00f3w\nwynikaj\u0105cych z przepis\u00f3w prawa.<o:p><\/o:p><\/p><p class=\"MsoNormal\" style=\"margin-bottom:6.0pt;line-height:115%\">2.2.\nPrzetwarzane dane osobowe mog\u0105 obejmowa\u0107:<o:p><\/o:p><\/p><ul style=\"margin-top:0cm\" type=\"disc\">\n <li class=\"MsoNormal\" style=\"margin-bottom:6.0pt;line-height:115%;mso-list:l1 level1 lfo1;     tab-stops:list 36.0pt\">Imi\u0119 i nazwisko,<o:p><\/o:p><\/li>\n <li class=\"MsoNormal\" style=\"margin-bottom:6.0pt;line-height:115%;mso-list:l1 level1 lfo1;     tab-stops:list 36.0pt\">Dane kontaktowe (adres e-mail, numer telefonu,\n     adres zamieszkania\/siedziby),<o:p><\/o:p><\/li>\n <li class=\"MsoNormal\" style=\"margin-bottom:6.0pt;line-height:115%;mso-list:l1 level1 lfo1;     tab-stops:list 36.0pt\">Dane identyfikacyjne (NIP, REGON, PESEL),<o:p><\/o:p><\/li>\n <li class=\"MsoNormal\" style=\"margin-bottom:6.0pt;line-height:115%;mso-list:l1 level1 lfo1;     tab-stops:list 36.0pt\">Informacje o transakcjach i wsp\u00f3\u0142pracy z klientem,<o:p><\/o:p><\/li>\n <li class=\"MsoNormal\" style=\"margin-bottom:6.0pt;line-height:115%;mso-list:l1 level1 lfo1;     tab-stops:list 36.0pt\">Dane niezb\u0119dne do realizacji um\u00f3w i zam\u00f3wie\u0144.<o:p><\/o:p><\/li>\n<\/ul><p class=\"MsoNormal\" style=\"margin-bottom:6.0pt;line-height:115%\"><o:p>&nbsp;<\/o:p><\/p><p class=\"MsoNormal\" style=\"margin-bottom:6.0pt;line-height:115%\"><b>3. Cele i podstawy\nprawne przetwarzania danych osobowych<\/b><o:p><\/o:p><\/p><p class=\"MsoNormal\" style=\"margin-bottom:6.0pt;line-height:115%\">3.1. Dane\nosobowe s\u0105 przetwarzane na podstawie:<o:p><\/o:p><\/p><ul style=\"margin-top:0cm\" type=\"disc\">\n <li class=\"MsoNormal\" style=\"margin-bottom:6.0pt;line-height:115%;mso-list:l0 level1 lfo2;     tab-stops:list 36.0pt\">Art. 6 ust. 1 lit. a) RODO \u2013 zgoda osoby, kt\u00f3rej dane\n     dotycz\u0105,<o:p><\/o:p><\/li>\n <li class=\"MsoNormal\" style=\"margin-bottom:6.0pt;line-height:115%;mso-list:l0 level1 lfo2;     tab-stops:list 36.0pt\">Art. 6 ust. 1 lit. b) RODO \u2013 wykonanie umowy lub\n     podj\u0119cie dzia\u0142a\u0144 przed jej zawarciem,<o:p><\/o:p><\/li>\n <li class=\"MsoNormal\" style=\"margin-bottom:6.0pt;line-height:115%;mso-list:l0 level1 lfo2;     tab-stops:list 36.0pt\">Art. 6 ust. 1 lit. c) RODO \u2013 obowi\u0105zek prawny\n     ci\u0105\u017c\u0105cy na administratorze,<o:p><\/o:p><\/li>\n <li class=\"MsoNormal\" style=\"margin-bottom:6.0pt;line-height:115%;mso-list:l0 level1 lfo2;     tab-stops:list 36.0pt\">Art. 6 ust. 1 lit. f) RODO \u2013 prawnie uzasadnione\n     interesy realizowane przez administratora.<o:p><\/o:p><\/li>\n<\/ul><p class=\"MsoNormal\" style=\"margin-bottom:6.0pt;line-height:115%\">3.2. Cele\nprzetwarzania obejmuj\u0105 m.in.:<o:p><\/o:p><\/p><ul style=\"margin-top:0cm\" type=\"disc\">\n <li class=\"MsoNormal\" style=\"margin-bottom:6.0pt;line-height:115%;mso-list:l4 level1 lfo3;     tab-stops:list 36.0pt\">Realizacj\u0119 zam\u00f3wie\u0144 i \u015bwiadczenie us\u0142ug,<o:p><\/o:p><\/li>\n <li class=\"MsoNormal\" style=\"margin-bottom:6.0pt;line-height:115%;mso-list:l4 level1 lfo3;     tab-stops:list 36.0pt\">Obs\u0142ug\u0119 klient\u00f3w i kontakt z kontrahentami,<o:p><\/o:p><\/li>\n <li class=\"MsoNormal\" style=\"margin-bottom:6.0pt;line-height:115%;mso-list:l4 level1 lfo3;     tab-stops:list 36.0pt\">Prowadzenie dzia\u0142a\u0144 marketingowych i promocyjnych,\n     w szczeg\u00f3lno\u015bci w zakresie utrzymywania relacji biznesowych oraz\n     przedstawiania oferty Sp\u00f3\u0142ki,<o:p><\/o:p><\/li>\n <li class=\"MsoNormal\" style=\"margin-bottom:6.0pt;line-height:115%;mso-list:l4 level1 lfo3;     tab-stops:list 36.0pt\">Wype\u0142nianie obowi\u0105zk\u00f3w wynikaj\u0105cych z przepis\u00f3w\n     prawa.<o:p><\/o:p><\/li>\n<\/ul><p class=\"MsoNormal\" style=\"margin-bottom:6.0pt;line-height:115%\"><o:p>&nbsp;<\/o:p><\/p><p class=\"MsoNormal\" style=\"margin-bottom:6.0pt;line-height:115%\"><b>4.\nUdost\u0119pnianie danych osobowych<\/b><o:p><\/o:p><\/p><p class=\"MsoNormal\" style=\"margin-bottom:6.0pt;line-height:115%\">4.1. Dane\nosobowe mog\u0105 by\u0107 przekazywane podmiotom wsp\u00f3\u0142pracuj\u0105cym z Sp\u00f3\u0142k\u0105, takim jak\ndostawcy us\u0142ug IT, kancelarie prawne, biura rachunkowe oraz inne podmioty\nwspieraj\u0105ce realizacj\u0119 naszych dzia\u0142a\u0144.<o:p><\/o:p><\/p><p class=\"MsoNormal\" style=\"margin-bottom:6.0pt;line-height:115%\">4.2. Dane\nosobowe mog\u0105 by\u0107 przekazywane organom pa\u0144stwowym, je\u015bli jest to wymagane\nprzepisami prawa.<o:p><\/o:p><\/p><p class=\"MsoNormal\" style=\"margin-bottom:6.0pt;line-height:115%\">4.3. Dane\nosobowe nie s\u0105 przekazywane poza Europejski Obszar Gospodarczy.<o:p><\/o:p><\/p><p class=\"MsoNormal\" style=\"margin-bottom:6.0pt;line-height:115%\"><o:p>&nbsp;<\/o:p><\/p><p class=\"MsoNormal\" style=\"margin-bottom:6.0pt;line-height:115%\"><b>5. Okres\nprzechowywania danych osobowych<\/b><o:p><\/o:p><\/p><p class=\"MsoNormal\" style=\"margin-bottom:6.0pt;line-height:115%\">5.1. Dane\nosobowe b\u0119d\u0105 przechowywane przez okres niezb\u0119dny do realizacji cel\u00f3w\nprzetwarzania, a tak\u017ce zgodnie z obowi\u0105zuj\u0105cymi przepisami prawa.<o:p><\/o:p><\/p><p class=\"MsoNormal\" style=\"margin-bottom:6.0pt;line-height:115%\">5.2. W przypadku\nprzetwarzania danych na podstawie zgody, dane b\u0119d\u0105 przetwarzane do czasu\ncofni\u0119cia zgody.<o:p><\/o:p><\/p><p class=\"MsoNormal\" style=\"margin-bottom:6.0pt;line-height:115%\"><o:p>&nbsp;<\/o:p><\/p><p class=\"MsoNormal\" style=\"margin-bottom:6.0pt;line-height:115%\"><b>6. Prawa\nos\u00f3b, kt\u00f3rych dane dotycz\u0105<\/b><o:p><\/o:p><\/p><p class=\"MsoNormal\" style=\"margin-bottom:6.0pt;line-height:115%\">6.1. Osoby,\nkt\u00f3rych dane osobowe s\u0105 przetwarzane, maj\u0105 prawo do:<o:p><\/o:p><\/p><ul style=\"margin-top:0cm\" type=\"disc\">\n <li class=\"MsoNormal\" style=\"margin-bottom:6.0pt;line-height:115%;mso-list:l3 level1 lfo4;     tab-stops:list 36.0pt\">Dost\u0119pu do swoich danych,<o:p><\/o:p><\/li>\n <li class=\"MsoNormal\" style=\"margin-bottom:6.0pt;line-height:115%;mso-list:l3 level1 lfo4;     tab-stops:list 36.0pt\">Sprostowania danych,<o:p><\/o:p><\/li>\n <li class=\"MsoNormal\" style=\"margin-bottom:6.0pt;line-height:115%;mso-list:l3 level1 lfo4;     tab-stops:list 36.0pt\">Usuni\u0119cia danych (prawo do bycia zapomnianym),<o:p><\/o:p><\/li>\n <li class=\"MsoNormal\" style=\"margin-bottom:6.0pt;line-height:115%;mso-list:l3 level1 lfo4;     tab-stops:list 36.0pt\">Ograniczenia przetwarzania danych,<o:p><\/o:p><\/li>\n <li class=\"MsoNormal\" style=\"margin-bottom:6.0pt;line-height:115%;mso-list:l3 level1 lfo4;     tab-stops:list 36.0pt\">Przenoszenia danych,<o:p><\/o:p><\/li>\n <li class=\"MsoNormal\" style=\"margin-bottom:6.0pt;line-height:115%;mso-list:l3 level1 lfo4;     tab-stops:list 36.0pt\">Wniesienia sprzeciwu wobec przetwarzania danych,<o:p><\/o:p><\/li>\n <li class=\"MsoNormal\" style=\"margin-bottom:6.0pt;line-height:115%;mso-list:l3 level1 lfo4;     tab-stops:list 36.0pt\">Cofni\u0119cia zgody na przetwarzanie danych osobowych w\n     dowolnym momencie.<o:p><\/o:p><\/li>\n<\/ul><p class=\"MsoNormal\" style=\"margin-bottom:6.0pt;line-height:115%\">6.2. W celu\nrealizacji swoich praw nale\u017cy skontaktowa\u0107 si\u0119 z nami pod adresem e-mail: <a href=\"mailto:kontakt@sapere.pl\">kontakt@sapere.pl<\/a>.<o:p><\/o:p><\/p><p class=\"MsoNormal\" style=\"margin-bottom:6.0pt;line-height:115%\">6.3. Osoba,\nkt\u00f3rej dane dotycz\u0105 ma prawo wniesienia skargi do Prezesa Urz\u0119du Ochrony Danych\nOsobowych.<o:p><\/o:p><\/p><p class=\"MsoNormal\" style=\"margin-bottom:6.0pt;line-height:115%\"><o:p>&nbsp;<\/o:p><\/p><p class=\"MsoNormal\" style=\"margin-bottom:6.0pt;line-height:115%\"><b>7.\nZabezpieczenia danych osobowych<\/b><o:p><\/o:p><\/p><p class=\"MsoNormal\" style=\"margin-bottom:6.0pt;line-height:115%\">7.1. Sp\u00f3\u0142ka\nstosuje \u015brodki techniczne i organizacyjne maj\u0105ce na celu zabezpieczenie\nprzetwarzanych danych osobowych przed nieautoryzowanym dost\u0119pem, utrat\u0105 lub\nzniszczeniem.<o:p><\/o:p><\/p><p class=\"MsoNormal\" style=\"margin-bottom:6.0pt;line-height:115%\"><o:p>&nbsp;<\/o:p><\/p><p class=\"MsoNormal\" style=\"margin-bottom:6.0pt;line-height:115%\"><b>8.\nMonitoring wizyjny<o:p><\/o:p><\/b><\/p><p class=\"MsoNormal\" style=\"margin-bottom:6.0pt;line-height:115%\">8.1. Na terenie zak\u0142adu Sp\u00f3\u0142ki (ferm drobiu oraz siedziby\nSp\u00f3\u0142ki) stosowany jest monitoring wizyjny.<o:p><\/o:p><\/p><p class=\"MsoNormal\" style=\"margin-bottom:6.0pt;line-height:115%\">8.2. Monitoring stosowany jest w celu:<o:p><\/o:p><\/p><ul style=\"margin-top:0cm\" type=\"disc\">\n <li class=\"MsoNormal\" style=\"margin-bottom:6.0pt;line-height:115%;mso-list:l2 level1 lfo5;     tab-stops:list 36.0pt\">zapewnienia bezpiecze\u0144stwa\n     pracownik\u00f3w i os\u00f3b przebywaj\u0105cych na terenie zak\u0142adu,<o:p><\/o:p><\/li>\n <li class=\"MsoNormal\" style=\"margin-bottom:6.0pt;line-height:115%;mso-list:l2 level1 lfo5;     tab-stops:list 36.0pt\">ochrony mienia,<o:p><\/o:p><\/li>\n <li class=\"MsoNormal\" style=\"margin-bottom:6.0pt;line-height:115%;mso-list:l2 level1 lfo5;     tab-stops:list 36.0pt\">kontroli produkcji oraz\n     organizacji pracy.<o:p><\/o:p><\/li>\n<\/ul><p class=\"MsoNormal\" style=\"margin-bottom:6.0pt;line-height:115%\">8.3. Podstaw\u0105 przetwarzania danych z monitoringu jest\nart. 6 ust. 1 lit. f) RODO (prawnie uzasadniony interes administratora).<o:p><\/o:p><\/p><p class=\"MsoNormal\" style=\"margin-bottom:6.0pt;line-height:115%\">8.4. Monitoring obejmuje teren zak\u0142adu oraz jego\nbezpo\u015brednie otoczenie. Kamery nie obejmuj\u0105 pomieszcze\u0144 socjalnych, sanitarnych\nani innych miejsc naruszaj\u0105cych prywatno\u015b\u0107.<o:p><\/o:p><\/p><p class=\"MsoNormal\" style=\"margin-bottom:6.0pt;line-height:115%\">8.5. Nagrania z monitoringu przechowywane s\u0105 przez\nokres nie d\u0142u\u017cszy ni\u017c 3 miesi\u0105ce, chyba \u017ce stanowi\u0105 dow\u00f3d w post\u0119powaniu \u2013\nw\u00f3wczas do czasu jego zako\u0144czenia.<o:p><\/o:p><\/p><p class=\"MsoNormal\" style=\"margin-bottom:6.0pt;line-height:115%\">8.6. Dost\u0119p do nagra\u0144 maj\u0105 wy\u0142\u0105cznie upowa\u017cnione osoby\noraz podmioty uprawnione na podstawie przepis\u00f3w prawa.<o:p><\/o:p><\/p><p class=\"MsoNormal\" style=\"margin-bottom:6.0pt;line-height:115%\">8.7. Informacja o stosowaniu monitoringu jest\numieszczona na terenie zak\u0142adu w formie widocznych oznacze\u0144.<o:p><\/o:p><\/p><p class=\"MsoNormal\" style=\"margin-bottom:6.0pt;line-height:115%\"><o:p>&nbsp;<\/o:p><\/p><p class=\"MsoNormal\" style=\"margin-bottom:6.0pt;line-height:115%\"><b>9.\nInformacje dodatkowe<o:p><\/o:p><\/b><\/p><p class=\"MsoNormal\" style=\"margin-bottom:6.0pt;line-height:115%\">9.1. Podane\ndanych jest dobrowolne jednak mo\u017ce by\u0107 niezb\u0119dne do nawi\u0105zania kontaktu lub\nzawarcia umowy.<o:p><\/o:p><\/p><p class=\"MsoNormal\" style=\"margin-bottom:6.0pt;line-height:115%\">9.2. Dane\nosobowe nie podlegaj\u0105 profilowaniu ani zautomatyzowanemu podejmowaniu decyzji.<o:p><\/o:p><\/p><p class=\"MsoNormal\" style=\"margin-bottom:6.0pt;line-height:115%\"><o:p>&nbsp;<\/o:p><\/p><p class=\"MsoNormal\" style=\"margin-bottom:6.0pt;line-height:115%\"><b>10.\nPostanowienia ko\u0144cowe<\/b><o:p><\/o:p><\/p><p class=\"MsoNormal\" style=\"margin-bottom:6.0pt;line-height:115%\">10.1. Niniejsza\nPolityka Prywatno\u015bci mo\u017ce by\u0107 okresowo aktualizowana w celu dostosowania do obowi\u0105zuj\u0105cych\nprzepis\u00f3w prawa lub zmian w dzia\u0142alno\u015bci Sp\u00f3\u0142ki.<o:p><\/o:p><\/p><p class=\"MsoNormal\" style=\"margin-bottom:6.0pt;line-height:115%\">10.2. Wszelkie\nzmiany Polityki Prywatno\u015bci b\u0119d\u0105 publikowane na stronie internetowej <a href=\"https:\/\/sapere.pl\/en\/\">www.sapere.pl<\/a>.<o:p><\/o:p><\/p><p>\n\n\n\n\n\n\n\n\n\n\n\n\n\n\n\n\n\n\n\n\n\n\n\n\n\n\n\n\n\n\n\n\n\n\n\n\n\n\n\n\n\n\n\n\n\n\n\n\n\n\n\n\n\n\n\n\n\n\n\n\n\n\n\n\n\n\n\n\n\n\n\n\n\n\n\n\n\n\n\n\n\n\n\n\n\n\n\n\n\n\n\n\n\n\n\n\n\n\n\n\n\n\n\n\n\n\n\n<\/p><p class=\"MsoNormal\" style=\"margin-bottom:6.0pt;line-height:115%\"><o:p>&nbsp;<\/o:p><\/p>\t\t\t\t\t\t\t\t<\/div>\n\t\t\t\t<\/div>\n\t\t\t\t\t<\/div>\n\t\t\t\t<\/div>\n\t\t\t\t<\/div>","protected":false},"excerpt":{"rendered":"<p>Polityka Prywatno\u015bci SAPERE Sp. z o.o. &nbsp; 1. Postanowienia og\u00f3lne 1.1. Niniejsza Polityka Prywatno\u015bci okre\u015bla zasady przetwarzania danych osobowych przez SAPERE sp. z o.o. z siedzib\u0105 w Radzanowie (dalej jako: \u201ePolityka Prywatno\u015bci\u201d). Wpis do rejestru przedsi\u0119biorc\u00f3w: S\u0105d Rejonowy dla \u0141odzi-\u015ar\u00f3dmie\u015bcia w \u0141odzi, XX Wydzia\u0142 Gospodarczy Krajowego Rejestru S\u0105dowego, KRS: 0000663844, NIP: 5691880583, wysoko\u015b\u0107 kapita\u0142u zak\u0142adowego: [&hellip;]<\/p>\n","protected":false},"author":2,"featured_media":0,"parent":0,"menu_order":0,"comment_status":"closed","ping_status":"closed","template":"elementor_header_footer","meta":{"footnotes":""},"class_list":["post-1826","page","type-page","status-publish","hentry"],"yoast_head":"<!-- This site is optimized with the Yoast SEO plugin v26.2 - https:\/\/yoast.com\/wordpress\/plugins\/seo\/ -->\n<title>Polityka prywatno\u015bci - SAPERE SP. Z O.O.<\/title>\n<meta name=\"robots\" content=\"index, follow, max-snippet:-1, max-image-preview:large, max-video-preview:-1\" \/>\n<link rel=\"canonical\" href=\"https:\/\/sapere.pl\/en\/polityka-prywatnosci\/\" \/>\n<meta property=\"og:locale\" content=\"en_GB\" \/>\n<meta property=\"og:type\" content=\"article\" \/>\n<meta property=\"og:title\" content=\"Polityka prywatno\u015bci - SAPERE SP. Z O.O.\" \/>\n<meta property=\"og:description\" content=\"Polityka Prywatno\u015bci SAPERE Sp. z o.o. &nbsp; 1. Postanowienia og\u00f3lne 1.1. Niniejsza Polityka Prywatno\u015bci okre\u015bla zasady przetwarzania danych osobowych przez SAPERE sp. z o.o. z siedzib\u0105 w Radzanowie (dalej jako: \u201ePolityka Prywatno\u015bci\u201d). Wpis do rejestru przedsi\u0119biorc\u00f3w: S\u0105d Rejonowy dla \u0141odzi-\u015ar\u00f3dmie\u015bcia w \u0141odzi, XX Wydzia\u0142 Gospodarczy Krajowego Rejestru S\u0105dowego, KRS: 0000663844, NIP: 5691880583, wysoko\u015b\u0107 kapita\u0142u zak\u0142adowego: [&hellip;]\" \/>\n<meta property=\"og:url\" content=\"https:\/\/sapere.pl\/en\/polityka-prywatnosci\/\" \/>\n<meta property=\"og:site_name\" content=\"SAPERE SP. Z O.O.\" \/>\n<meta property=\"article:modified_time\" content=\"2026-04-15T13:24:24+00:00\" \/>\n<meta name=\"twitter:card\" content=\"summary_large_image\" \/>\n<meta name=\"twitter:label1\" content=\"Estimated reading time\" \/>\n\t<meta name=\"twitter:data1\" content=\"4 minutes\" \/>\n<script type=\"application\/ld+json\" class=\"yoast-schema-graph\">{\"@context\":\"https:\/\/schema.org\",\"@graph\":[{\"@type\":\"WebPage\",\"@id\":\"https:\/\/sapere.pl\/polityka-prywatnosci\/\",\"url\":\"https:\/\/sapere.pl\/polityka-prywatnosci\/\",\"name\":\"Polityka prywatno\u015bci - SAPERE SP. Z O.O.\",\"isPartOf\":{\"@id\":\"https:\/\/sapere.pl\/#website\"},\"datePublished\":\"2025-10-27T21:10:47+00:00\",\"dateModified\":\"2026-04-15T13:24:24+00:00\",\"breadcrumb\":{\"@id\":\"https:\/\/sapere.pl\/polityka-prywatnosci\/#breadcrumb\"},\"inLanguage\":\"en-GB\",\"potentialAction\":[{\"@type\":\"ReadAction\",\"target\":[\"https:\/\/sapere.pl\/polityka-prywatnosci\/\"]}]},{\"@type\":\"BreadcrumbList\",\"@id\":\"https:\/\/sapere.pl\/polityka-prywatnosci\/#breadcrumb\",\"itemListElement\":[{\"@type\":\"ListItem\",\"position\":1,\"name\":\"Strona g\u0142\u00f3wna\",\"item\":\"https:\/\/sapere.pl\/\"},{\"@type\":\"ListItem\",\"position\":2,\"name\":\"Polityka prywatno\u015bci\"}]},{\"@type\":\"WebSite\",\"@id\":\"https:\/\/sapere.pl\/#website\",\"url\":\"https:\/\/sapere.pl\/\",\"name\":\"SAPERE SP. Z O.O.\",\"description\":\"Fermy drobiu\",\"publisher\":{\"@id\":\"https:\/\/sapere.pl\/#organization\"},\"potentialAction\":[{\"@type\":\"SearchAction\",\"target\":{\"@type\":\"EntryPoint\",\"urlTemplate\":\"https:\/\/sapere.pl\/?s={search_term_string}\"},\"query-input\":{\"@type\":\"PropertyValueSpecification\",\"valueRequired\":true,\"valueName\":\"search_term_string\"}}],\"inLanguage\":\"en-GB\"},{\"@type\":\"Organization\",\"@id\":\"https:\/\/sapere.pl\/#organization\",\"name\":\"SAPERE SP. Z O.O.\",\"url\":\"https:\/\/sapere.pl\/\",\"logo\":{\"@type\":\"ImageObject\",\"inLanguage\":\"en-GB\",\"@id\":\"https:\/\/sapere.pl\/#\/schema\/logo\/image\/\",\"url\":\"https:\/\/sapere.pl\/wp-content\/uploads\/2025\/05\/Sapere-Logo2.jpeg\",\"contentUrl\":\"https:\/\/sapere.pl\/wp-content\/uploads\/2025\/05\/Sapere-Logo2.jpeg\",\"width\":2480,\"height\":1820,\"caption\":\"SAPERE SP. Z O.O.\"},\"image\":{\"@id\":\"https:\/\/sapere.pl\/#\/schema\/logo\/image\/\"}}]}<\/script>\n<!-- \/ Yoast SEO plugin. -->","yoast_head_json":{"title":"Polityka prywatno\u015bci - SAPERE SP. Z O.O.","robots":{"index":"index","follow":"follow","max-snippet":"max-snippet:-1","max-image-preview":"max-image-preview:large","max-video-preview":"max-video-preview:-1"},"canonical":"https:\/\/sapere.pl\/en\/polityka-prywatnosci\/","og_locale":"en_GB","og_type":"article","og_title":"Polityka prywatno\u015bci - SAPERE SP. Z O.O.","og_description":"Polityka Prywatno\u015bci SAPERE Sp. z o.o. &nbsp; 1. Postanowienia og\u00f3lne 1.1. Niniejsza Polityka Prywatno\u015bci okre\u015bla zasady przetwarzania danych osobowych przez SAPERE sp. z o.o. z siedzib\u0105 w Radzanowie (dalej jako: \u201ePolityka Prywatno\u015bci\u201d). Wpis do rejestru przedsi\u0119biorc\u00f3w: S\u0105d Rejonowy dla \u0141odzi-\u015ar\u00f3dmie\u015bcia w \u0141odzi, XX Wydzia\u0142 Gospodarczy Krajowego Rejestru S\u0105dowego, KRS: 0000663844, NIP: 5691880583, wysoko\u015b\u0107 kapita\u0142u zak\u0142adowego: [&hellip;]","og_url":"https:\/\/sapere.pl\/en\/polityka-prywatnosci\/","og_site_name":"SAPERE SP. Z O.O.","article_modified_time":"2026-04-15T13:24:24+00:00","twitter_card":"summary_large_image","twitter_misc":{"Estimated reading time":"4 minutes"},"schema":{"@context":"https:\/\/schema.org","@graph":[{"@type":"WebPage","@id":"https:\/\/sapere.pl\/polityka-prywatnosci\/","url":"https:\/\/sapere.pl\/polityka-prywatnosci\/","name":"Polityka prywatno\u015bci - SAPERE SP. Z O.O.","isPartOf":{"@id":"https:\/\/sapere.pl\/#website"},"datePublished":"2025-10-27T21:10:47+00:00","dateModified":"2026-04-15T13:24:24+00:00","breadcrumb":{"@id":"https:\/\/sapere.pl\/polityka-prywatnosci\/#breadcrumb"},"inLanguage":"en-GB","potentialAction":[{"@type":"ReadAction","target":["https:\/\/sapere.pl\/polityka-prywatnosci\/"]}]},{"@type":"BreadcrumbList","@id":"https:\/\/sapere.pl\/polityka-prywatnosci\/#breadcrumb","itemListElement":[{"@type":"ListItem","position":1,"name":"Strona g\u0142\u00f3wna","item":"https:\/\/sapere.pl\/"},{"@type":"ListItem","position":2,"name":"Polityka prywatno\u015bci"}]},{"@type":"WebSite","@id":"https:\/\/sapere.pl\/#website","url":"https:\/\/sapere.pl\/","name":"SAPERE SP. Z O.O.","description":"Fermy drobiu","publisher":{"@id":"https:\/\/sapere.pl\/#organization"},"potentialAction":[{"@type":"SearchAction","target":{"@type":"EntryPoint","urlTemplate":"https:\/\/sapere.pl\/?s={search_term_string}"},"query-input":{"@type":"PropertyValueSpecification","valueRequired":true,"valueName":"search_term_string"}}],"inLanguage":"en-GB"},{"@type":"Organization","@id":"https:\/\/sapere.pl\/#organization","name":"SAPERE SP. Z O.O.","url":"https:\/\/sapere.pl\/","logo":{"@type":"ImageObject","inLanguage":"en-GB","@id":"https:\/\/sapere.pl\/#\/schema\/logo\/image\/","url":"https:\/\/sapere.pl\/wp-content\/uploads\/2025\/05\/Sapere-Logo2.jpeg","contentUrl":"https:\/\/sapere.pl\/wp-content\/uploads\/2025\/05\/Sapere-Logo2.jpeg","width":2480,"height":1820,"caption":"SAPERE SP. Z O.O."},"image":{"@id":"https:\/\/sapere.pl\/#\/schema\/logo\/image\/"}}]}},"_links":{"self":[{"href":"https:\/\/sapere.pl\/en\/wp-json\/wp\/v2\/pages\/1826","targetHints":{"allow":["GET"]}}],"collection":[{"href":"https:\/\/sapere.pl\/en\/wp-json\/wp\/v2\/pages"}],"about":[{"href":"https:\/\/sapere.pl\/en\/wp-json\/wp\/v2\/types\/page"}],"author":[{"embeddable":true,"href":"https:\/\/sapere.pl\/en\/wp-json\/wp\/v2\/users\/2"}],"replies":[{"embeddable":true,"href":"https:\/\/sapere.pl\/en\/wp-json\/wp\/v2\/comments?post=1826"}],"version-history":[{"count":37,"href":"https:\/\/sapere.pl\/en\/wp-json\/wp\/v2\/pages\/1826\/revisions"}],"predecessor-version":[{"id":2508,"href":"https:\/\/sapere.pl\/en\/wp-json\/wp\/v2\/pages\/1826\/revisions\/2508"}],"wp:attachment":[{"href":"https:\/\/sapere.pl\/en\/wp-json\/wp\/v2\/media?parent=1826"}],"curies":[{"name":"wp","href":"https:\/\/api.w.org\/{rel}","templated":true}]}}